{"id":4432,"date":"2018-02-28T10:23:52","date_gmt":"2018-02-28T09:23:52","guid":{"rendered":"http:\/\/www.zspswiecie.pl\/?page_id=4432"},"modified":"2020-02-27T21:58:00","modified_gmt":"2020-02-27T20:58:00","slug":"4432-2","status":"publish","type":"page","link":"https:\/\/www.zspswiecie.pl\/index.php\/4432-2\/","title":{"rendered":"Szkolny Rzecznik Praw Ucznia"},"content":{"rendered":"<p><a href=\"https:\/\/www.zspswiecie.pl\/wp-content\/uploads\/2018\/02\/logo.jpg\"><img loading=\"lazy\" decoding=\"async\" class=\"alignnone  wp-image-4433\" src=\"https:\/\/www.zspswiecie.pl\/wp-content\/uploads\/2018\/02\/logo.jpg\" alt=\"logo\" width=\"545\" height=\"300\" srcset=\"https:\/\/www.zspswiecie.pl\/wp-content\/uploads\/2018\/02\/logo.jpg 800w, https:\/\/www.zspswiecie.pl\/wp-content\/uploads\/2018\/02\/logo-300x165.jpg 300w\" sizes=\"auto, (max-width: 545px) 100vw, 545px\" \/><\/a><\/p>\n<p>&nbsp;<\/p>\n<p style=\"text-align: center;\">\u00a0<span style=\"color: #008000;\"><strong>Szkolny Rzecznik Praw Ucznia<\/strong><\/span><\/p>\n<p style=\"text-align: center;\"><span style=\"color: #000000;\"><strong>mgr Rados\u0142awa Zi\u00f3\u0142kowska<\/strong>\u00a0<\/span><\/p>\n<p style=\"text-align: center;\"><span style=\"color: #008000;\"><strong>Dzi\u0119kuj\u0119 za zaufanie, jakim mnie obdarzyli\u015bcie wybieraj\u0105c moj\u0105 osob\u0119 na rzecznika swoich praw.<\/strong><\/span><\/p>\n<p><u>Do moich zada\u0144 nale\u017cy m.in.:<\/u><\/p>\n<ul>\n<li>zapoznanie spo\u0142eczno\u015bci uczniowskiej z prawami i obowi\u0105zkami uczni\u00f3w oraz prawami dziecka<\/li>\n<li>propagowanie praw ucznia i praw dziecka w\u015br\u00f3d pracownik\u00f3w szko\u0142y<\/li>\n<li>reprezentowanie interes\u00f3w uczni\u00f3w na posiedzeniach Rady Pedagogicznej<\/li>\n<li>pomoc w rozstrzyganiu konflikt\u00f3w mi\u0119dzy: uczniami, uczniami i pracownikami szko\u0142y<\/li>\n<li>pe\u0142nienie funkcji doradczej dla uczni\u00f3w w sprawach zwi\u0105zanych z prawami ucznia i prawami dziecka<\/li>\n<li>wsp\u00f3\u0142praca ze Szkolnym Samorz\u0105dem Uczniowskim w zakresie upowszechniania praw i obowi\u0105zk\u00f3w ucznia<\/li>\n<li>\u015bcis\u0142a wsp\u00f3\u0142praca z Dyrekcj\u0105 Szko\u0142y, pedagogiem i psychologiem\u00a0 w sprawach zwi\u0105zanych z przestrzeganiem praw ucznia<\/li>\n<li>interweniowanie w przypadkach naruszania praw ucznia.<\/li>\n<\/ul>\n<p><strong><u>\u00a0O czym ka\u017cdy ucze\u0144 wiedzie\u0107 powinien:<\/u><\/strong><\/p>\n<ol>\n<li>Wszelkie informacje uzyskane przez rzecznika w toku post\u0119powania mediacyjnego stanowi\u0105 tajemnic\u0119 s\u0142u\u017cbow\u0105.<\/li>\n<li>Zadaniem rzecznika jest sprawowanie nadzoru nad tym, aby w procesie dydaktyczno-wychowawczym ka\u017cdy ucze\u0144 traktowany by\u0142 podmiotowo.<\/li>\n<li>Rzecznik Praw Ucznia ma prawo i mo\u017cliwo\u015b\u0107 aktywnie ingerowa\u0107 w ka\u017cdym przypadku, gdy naruszone zostan\u0105 prawa ucznia lub prawa dziecka.<\/li>\n<li>Do zada\u0144 rzecznika nale\u017cy te\u017c inicjowanie dzia\u0142a\u0144, kt\u00f3rych celem jest ochrona praw ucznia.<\/li>\n<li>Podstaw\u0105 dzia\u0142ania Rzecznika Praw Ucznia jest m.in.: Statut Szko\u0142y, Ustawa o Systemie O\u015bwiaty, Konstytucja Rzeczpospolitej Polskiej, Konwencja o Prawach Dziecka, Powszechna Deklaracja Praw Cz\u0142owieka.<\/li>\n<li>Uczniowie maj\u0105 mo\u017cliwo\u015b\u0107 dochodzenia swych praw, poprzez zachowanie podanej kolejno\u015bci zwracaj\u0105c si\u0119 do (wychowawcy klasy, wychowawcy grupy w internacie, pedagoga szkolnego &#8211; gdy przemawia za tym charakter sprawy,Rzecznika Praw Ucznia).<\/li>\n<li>Rzecznik Praw Ucznia po dok\u0142adnym wyja\u015bnieniu wszystkich okoliczno\u015bci sprawy d\u0105\u017cy do polubownego za\u0142atwienia sprawy, pe\u0142ni\u0105c funkcj\u0119 mediacyjn\u0105 mi\u0119dzy stronami pozostaj\u0105cymi w konflikcie.<\/li>\n<li>Rzecznik nie pe\u0142ni funkcji adwokata. Podejmuj\u0105c swoje dzia\u0142ania poszukuje prawdy poprzez dog\u0142\u0119bn\u0105 analiz\u0119 fakt\u00f3w, wyja\u015bnie\u0144 stron i \u015bwiadk\u00f3w. Je\u017celi oka\u017ce si\u0119, \u017ce winnym jest dochodz\u0105cy swoich roszcze\u0144 ucze\u0144, to otrzyma on w tym wzgl\u0119dzie stosowne pouczenie i wyja\u015bnienie.<\/li>\n<li>W przypadku nieza\u0142atwienia sporu w spos\u00f3b polubowny, decyzj\u0119 w przedmiotowej\u00a0 sprawie podejmuje Dyrektor Szko\u0142y.<\/li>\n<\/ol>\n<p style=\"text-align: center;\"><span style=\"color: #008000;\"><strong>Je\u015bli uwa\u017casz, \u017ce w szkole zosta\u0142y naruszone Twoje prawa \u2013 pomog\u0119 rozwi\u0105za\u0107 Tw\u00f3j problem.<\/strong><\/span><\/p>\n","protected":false},"excerpt":{"rendered":"<p>&nbsp; \u00a0Szkolny Rzecznik Praw Ucznia mgr Rados\u0142awa Zi\u00f3\u0142kowska\u00a0 Dzi\u0119kuj\u0119 za zaufanie, jakim mnie obdarzyli\u015bcie wybieraj\u0105c moj\u0105 osob\u0119 na rzecznika swoich praw. Do moich zada\u0144&#8230; &nbsp; <a href=\"https:\/\/www.zspswiecie.pl\/index.php\/4432-2\/\" class=\"moretag\">Wi\u0119cej&#8230;<\/a><\/p>\n","protected":false},"author":2,"featured_media":0,"parent":0,"menu_order":0,"comment_status":"closed","ping_status":"open","template":"page-fullwidth.php","meta":{"footnotes":""},"class_list":["post-4432","page","type-page","status-publish","hentry"],"yoast_head":"<!-- This site is optimized with the Yoast SEO plugin v26.8 - https:\/\/yoast.com\/product\/yoast-seo-wordpress\/ -->\n<title>Szkolny Rzecznik Praw Ucznia - ZSP<\/title>\n<meta name=\"robots\" content=\"index, follow, max-snippet:-1, max-image-preview:large, max-video-preview:-1\" \/>\n<link rel=\"canonical\" href=\"https:\/\/www.zspswiecie.pl\/index.php\/4432-2\/\" \/>\n<meta property=\"og:locale\" content=\"pl_PL\" \/>\n<meta property=\"og:type\" content=\"article\" \/>\n<meta property=\"og:title\" content=\"Szkolny Rzecznik Praw Ucznia - ZSP\" \/>\n<meta property=\"og:description\" content=\"&nbsp; \u00a0Szkolny Rzecznik Praw Ucznia mgr Rados\u0142awa Zi\u00f3\u0142kowska\u00a0 Dzi\u0119kuj\u0119 za zaufanie, jakim mnie obdarzyli\u015bcie wybieraj\u0105c moj\u0105 osob\u0119 na rzecznika swoich praw. Do moich zada\u0144... &nbsp; Wi\u0119cej...\" \/>\n<meta property=\"og:url\" content=\"https:\/\/www.zspswiecie.pl\/index.php\/4432-2\/\" \/>\n<meta property=\"og:site_name\" content=\"ZSP\" \/>\n<meta property=\"article:publisher\" content=\"https:\/\/www.facebook.com\/people\/Zesp-Szk-Ponadpodstawowych-w-wieciu\/100057638830230\/\" \/>\n<meta property=\"article:modified_time\" content=\"2020-02-27T20:58:00+00:00\" \/>\n<meta property=\"og:image\" content=\"http:\/\/www.zspswiecie.pl\/wp-content\/uploads\/2018\/02\/logo.jpg\" \/>\n<meta name=\"twitter:label1\" content=\"Szacowany czas czytania\" \/>\n\t<meta name=\"twitter:data1\" content=\"2 minuty\" \/>\n<script type=\"application\/ld+json\" class=\"yoast-schema-graph\">{\"@context\":\"https:\/\/schema.org\",\"@graph\":[{\"@type\":\"WebPage\",\"@id\":\"https:\/\/www.zspswiecie.pl\/index.php\/4432-2\/\",\"url\":\"https:\/\/www.zspswiecie.pl\/index.php\/4432-2\/\",\"name\":\"Szkolny Rzecznik Praw Ucznia - ZSP\",\"isPartOf\":{\"@id\":\"https:\/\/www.zspswiecie.pl\/#website\"},\"primaryImageOfPage\":{\"@id\":\"https:\/\/www.zspswiecie.pl\/index.php\/4432-2\/#primaryimage\"},\"image\":{\"@id\":\"https:\/\/www.zspswiecie.pl\/index.php\/4432-2\/#primaryimage\"},\"thumbnailUrl\":\"http:\/\/www.zspswiecie.pl\/wp-content\/uploads\/2018\/02\/logo.jpg\",\"datePublished\":\"2018-02-28T09:23:52+00:00\",\"dateModified\":\"2020-02-27T20:58:00+00:00\",\"breadcrumb\":{\"@id\":\"https:\/\/www.zspswiecie.pl\/index.php\/4432-2\/#breadcrumb\"},\"inLanguage\":\"pl-PL\",\"potentialAction\":[{\"@type\":\"ReadAction\",\"target\":[\"https:\/\/www.zspswiecie.pl\/index.php\/4432-2\/\"]}]},{\"@type\":\"ImageObject\",\"inLanguage\":\"pl-PL\",\"@id\":\"https:\/\/www.zspswiecie.pl\/index.php\/4432-2\/#primaryimage\",\"url\":\"http:\/\/www.zspswiecie.pl\/wp-content\/uploads\/2018\/02\/logo.jpg\",\"contentUrl\":\"http:\/\/www.zspswiecie.pl\/wp-content\/uploads\/2018\/02\/logo.jpg\"},{\"@type\":\"BreadcrumbList\",\"@id\":\"https:\/\/www.zspswiecie.pl\/index.php\/4432-2\/#breadcrumb\",\"itemListElement\":[{\"@type\":\"ListItem\",\"position\":1,\"name\":\"Strona g\u0142\u00f3wna\",\"item\":\"https:\/\/www.zspswiecie.pl\/index.php\/home\/strona-glowna\/\"},{\"@type\":\"ListItem\",\"position\":2,\"name\":\"Szkolny Rzecznik Praw Ucznia\"}]},{\"@type\":\"WebSite\",\"@id\":\"https:\/\/www.zspswiecie.pl\/#website\",\"url\":\"https:\/\/www.zspswiecie.pl\/\",\"name\":\"ZSP\",\"description\":\"Zesp\u00f3\u0142 Szk\u00f3\u0142 Ponadpodstawowych\",\"publisher\":{\"@id\":\"https:\/\/www.zspswiecie.pl\/#organization\"},\"potentialAction\":[{\"@type\":\"SearchAction\",\"target\":{\"@type\":\"EntryPoint\",\"urlTemplate\":\"https:\/\/www.zspswiecie.pl\/?s={search_term_string}\"},\"query-input\":{\"@type\":\"PropertyValueSpecification\",\"valueRequired\":true,\"valueName\":\"search_term_string\"}}],\"inLanguage\":\"pl-PL\"},{\"@type\":\"Organization\",\"@id\":\"https:\/\/www.zspswiecie.pl\/#organization\",\"name\":\"Zesp\u00f3\u0142 Szk\u00f3\u0142 Ponadpodstawowych\",\"url\":\"https:\/\/www.zspswiecie.pl\/\",\"logo\":{\"@type\":\"ImageObject\",\"inLanguage\":\"pl-PL\",\"@id\":\"https:\/\/www.zspswiecie.pl\/#\/schema\/logo\/image\/\",\"url\":\"http:\/\/www.zspswiecie.pl\/wp-content\/uploads\/2016\/03\/logo-zsp2.png\",\"contentUrl\":\"http:\/\/www.zspswiecie.pl\/wp-content\/uploads\/2016\/03\/logo-zsp2.png\",\"width\":449,\"height\":351,\"caption\":\"Zesp\u00f3\u0142 Szk\u00f3\u0142 Ponadpodstawowych\"},\"image\":{\"@id\":\"https:\/\/www.zspswiecie.pl\/#\/schema\/logo\/image\/\"},\"sameAs\":[\"https:\/\/www.facebook.com\/people\/Zesp-Szk-Ponadpodstawowych-w-wieciu\/100057638830230\/\"]}]}<\/script>\n<!-- \/ Yoast SEO plugin. -->","yoast_head_json":{"title":"Szkolny Rzecznik Praw Ucznia - ZSP","robots":{"index":"index","follow":"follow","max-snippet":"max-snippet:-1","max-image-preview":"max-image-preview:large","max-video-preview":"max-video-preview:-1"},"canonical":"https:\/\/www.zspswiecie.pl\/index.php\/4432-2\/","og_locale":"pl_PL","og_type":"article","og_title":"Szkolny Rzecznik Praw Ucznia - ZSP","og_description":"&nbsp; \u00a0Szkolny Rzecznik Praw Ucznia mgr Rados\u0142awa Zi\u00f3\u0142kowska\u00a0 Dzi\u0119kuj\u0119 za zaufanie, jakim mnie obdarzyli\u015bcie wybieraj\u0105c moj\u0105 osob\u0119 na rzecznika swoich praw. Do moich zada\u0144... &nbsp; Wi\u0119cej...","og_url":"https:\/\/www.zspswiecie.pl\/index.php\/4432-2\/","og_site_name":"ZSP","article_publisher":"https:\/\/www.facebook.com\/people\/Zesp-Szk-Ponadpodstawowych-w-wieciu\/100057638830230\/","article_modified_time":"2020-02-27T20:58:00+00:00","og_image":[{"url":"http:\/\/www.zspswiecie.pl\/wp-content\/uploads\/2018\/02\/logo.jpg","type":"","width":"","height":""}],"twitter_misc":{"Szacowany czas czytania":"2 minuty"},"schema":{"@context":"https:\/\/schema.org","@graph":[{"@type":"WebPage","@id":"https:\/\/www.zspswiecie.pl\/index.php\/4432-2\/","url":"https:\/\/www.zspswiecie.pl\/index.php\/4432-2\/","name":"Szkolny Rzecznik Praw Ucznia - ZSP","isPartOf":{"@id":"https:\/\/www.zspswiecie.pl\/#website"},"primaryImageOfPage":{"@id":"https:\/\/www.zspswiecie.pl\/index.php\/4432-2\/#primaryimage"},"image":{"@id":"https:\/\/www.zspswiecie.pl\/index.php\/4432-2\/#primaryimage"},"thumbnailUrl":"http:\/\/www.zspswiecie.pl\/wp-content\/uploads\/2018\/02\/logo.jpg","datePublished":"2018-02-28T09:23:52+00:00","dateModified":"2020-02-27T20:58:00+00:00","breadcrumb":{"@id":"https:\/\/www.zspswiecie.pl\/index.php\/4432-2\/#breadcrumb"},"inLanguage":"pl-PL","potentialAction":[{"@type":"ReadAction","target":["https:\/\/www.zspswiecie.pl\/index.php\/4432-2\/"]}]},{"@type":"ImageObject","inLanguage":"pl-PL","@id":"https:\/\/www.zspswiecie.pl\/index.php\/4432-2\/#primaryimage","url":"http:\/\/www.zspswiecie.pl\/wp-content\/uploads\/2018\/02\/logo.jpg","contentUrl":"http:\/\/www.zspswiecie.pl\/wp-content\/uploads\/2018\/02\/logo.jpg"},{"@type":"BreadcrumbList","@id":"https:\/\/www.zspswiecie.pl\/index.php\/4432-2\/#breadcrumb","itemListElement":[{"@type":"ListItem","position":1,"name":"Strona g\u0142\u00f3wna","item":"https:\/\/www.zspswiecie.pl\/index.php\/home\/strona-glowna\/"},{"@type":"ListItem","position":2,"name":"Szkolny Rzecznik Praw Ucznia"}]},{"@type":"WebSite","@id":"https:\/\/www.zspswiecie.pl\/#website","url":"https:\/\/www.zspswiecie.pl\/","name":"ZSP","description":"Zesp\u00f3\u0142 Szk\u00f3\u0142 Ponadpodstawowych","publisher":{"@id":"https:\/\/www.zspswiecie.pl\/#organization"},"potentialAction":[{"@type":"SearchAction","target":{"@type":"EntryPoint","urlTemplate":"https:\/\/www.zspswiecie.pl\/?s={search_term_string}"},"query-input":{"@type":"PropertyValueSpecification","valueRequired":true,"valueName":"search_term_string"}}],"inLanguage":"pl-PL"},{"@type":"Organization","@id":"https:\/\/www.zspswiecie.pl\/#organization","name":"Zesp\u00f3\u0142 Szk\u00f3\u0142 Ponadpodstawowych","url":"https:\/\/www.zspswiecie.pl\/","logo":{"@type":"ImageObject","inLanguage":"pl-PL","@id":"https:\/\/www.zspswiecie.pl\/#\/schema\/logo\/image\/","url":"http:\/\/www.zspswiecie.pl\/wp-content\/uploads\/2016\/03\/logo-zsp2.png","contentUrl":"http:\/\/www.zspswiecie.pl\/wp-content\/uploads\/2016\/03\/logo-zsp2.png","width":449,"height":351,"caption":"Zesp\u00f3\u0142 Szk\u00f3\u0142 Ponadpodstawowych"},"image":{"@id":"https:\/\/www.zspswiecie.pl\/#\/schema\/logo\/image\/"},"sameAs":["https:\/\/www.facebook.com\/people\/Zesp-Szk-Ponadpodstawowych-w-wieciu\/100057638830230\/"]}]}},"_links":{"self":[{"href":"https:\/\/www.zspswiecie.pl\/index.php\/wp-json\/wp\/v2\/pages\/4432","targetHints":{"allow":["GET"]}}],"collection":[{"href":"https:\/\/www.zspswiecie.pl\/index.php\/wp-json\/wp\/v2\/pages"}],"about":[{"href":"https:\/\/www.zspswiecie.pl\/index.php\/wp-json\/wp\/v2\/types\/page"}],"author":[{"embeddable":true,"href":"https:\/\/www.zspswiecie.pl\/index.php\/wp-json\/wp\/v2\/users\/2"}],"replies":[{"embeddable":true,"href":"https:\/\/www.zspswiecie.pl\/index.php\/wp-json\/wp\/v2\/comments?post=4432"}],"version-history":[{"count":7,"href":"https:\/\/www.zspswiecie.pl\/index.php\/wp-json\/wp\/v2\/pages\/4432\/revisions"}],"predecessor-version":[{"id":7710,"href":"https:\/\/www.zspswiecie.pl\/index.php\/wp-json\/wp\/v2\/pages\/4432\/revisions\/7710"}],"wp:attachment":[{"href":"https:\/\/www.zspswiecie.pl\/index.php\/wp-json\/wp\/v2\/media?parent=4432"}],"curies":[{"name":"wp","href":"https:\/\/api.w.org\/{rel}","templated":true}]}}