{"id":14526,"date":"2025-02-03T15:15:56","date_gmt":"2025-02-03T14:15:56","guid":{"rendered":"https:\/\/www.zspswiecie.pl\/?page_id=14526"},"modified":"2025-03-24T21:54:50","modified_gmt":"2025-03-24T20:54:50","slug":"ksztalcenie-dla-zawodowej-przyszlosci","status":"publish","type":"page","link":"https:\/\/www.zspswiecie.pl\/index.php\/ksztalcenie-dla-zawodowej-przyszlosci\/","title":{"rendered":"Kszta\u0142cenie dla zawodowej przysz\u0142o\u015bci"},"content":{"rendered":"\n<figure class=\"wp-block-image size-large\"><img loading=\"lazy\" decoding=\"async\" width=\"1200\" height=\"114\" src=\"https:\/\/www.zspswiecie.pl\/wp-content\/uploads\/2025\/02\/logotypy-kolor-1200x114.jpg\" alt=\"\" class=\"wp-image-14517\" srcset=\"https:\/\/www.zspswiecie.pl\/wp-content\/uploads\/2025\/02\/logotypy-kolor-1200x114.jpg 1200w, https:\/\/www.zspswiecie.pl\/wp-content\/uploads\/2025\/02\/logotypy-kolor-300x28.jpg 300w, https:\/\/www.zspswiecie.pl\/wp-content\/uploads\/2025\/02\/logotypy-kolor-768x73.jpg 768w, https:\/\/www.zspswiecie.pl\/wp-content\/uploads\/2025\/02\/logotypy-kolor-1536x146.jpg 1536w, https:\/\/www.zspswiecie.pl\/wp-content\/uploads\/2025\/02\/logotypy-kolor-2048x194.jpg 2048w\" sizes=\"auto, (max-width: 1200px) 100vw, 1200px\" \/><\/figure>\n\n\n\n<p><mark style=\"background-color:rgba(0, 0, 0, 0)\" class=\"has-inline-color has-black-color\">W Technikum i Bran\u017cowej Szkole I Stopnia Zespo\u0142u Szk\u00f3\u0142 Ponadpodstawowych w \u015awieciu realizowany jest projekt <strong>\u201eKszta\u0142cenie dla zawodowej przysz\u0142o\u015bci\u201d<\/strong>, kt\u00f3rego celem jest zwi\u0119kszenie szans na zatrudnienie uczni\u00f3w szk\u00f3\u0142 prowadz\u0105cych kszta\u0142cenie zawodowe dla kt\u00f3rych organem prowadz\u0105cym jest Powiat \u015awiecki poprzez podniesienie efektywno\u015bci kszta\u0142cenia zawodowego w zakresie kompetencji, kwalifikacji, sta\u017cy uczniowskich, doradztwa edukacyjno-zawodowego, zaj\u0119\u0107 z kompetencji cyfrowych, zaj\u0119\u0107 wynikaj\u0105cych z indywidualnych potrzeb uczni\u00f3w, a tak\u017ce szkole\u0144 dla nauczycieli oraz doposa\u017cenie szk\u00f3\u0142 w okresie od 01.01.2025 r. do 31.12.2025 r.<\/mark><\/p>\n\n\n\n<p><mark style=\"background-color:rgba(0, 0, 0, 0)\" class=\"has-inline-color has-black-color\">Wsparcie przewidziane dla uczni\u00f3w technikum:<\/mark><\/p>\n\n\n\n<ul class=\"wp-block-list\">\n<li><mark style=\"background-color:rgba(0, 0, 0, 0)\" class=\"has-inline-color has-black-color\">zaj\u0119cia z zakresu programowania obrabiarek sterowanych numerycznie CNC<\/mark>,<\/li>\n\n\n\n<li><mark style=\"background-color:rgba(0, 0, 0, 0)\" class=\"has-inline-color has-black-color\">zaj\u0119cia z zakresu udzielania pierwszej pomocy przedmedycznej,<\/mark><\/li>\n\n\n\n<li><mark style=\"background-color:rgba(0, 0, 0, 0)\" class=\"has-inline-color has-black-color\">zaj\u0119cia z terapii pedagogicznej,<\/mark><\/li>\n\n\n\n<li><mark style=\"background-color:rgba(0, 0, 0, 0)\" class=\"has-inline-color has-black-color\">zindywidualizowane zaj\u0119cia z j\u0119zyka polskiego dla uczni\u00f3w ze specyficznymi trudno\u015bciami w nauce<\/mark>,<\/li>\n\n\n\n<li><mark style=\"background-color:rgba(0, 0, 0, 0)\" class=\"has-inline-color has-black-color\">zaj\u0119cia dydaktyczno-wyr\u00f3wnawcze z j\u0119zyka angielskiego,<\/mark><\/li>\n\n\n\n<li><mark style=\"background-color:rgba(0, 0, 0, 0)\" class=\"has-inline-color has-black-color\">zaj\u0119cia dydaktyczno-wyr\u00f3wnawcze przygotowuj\u0105ce do egzaminu maturalnego z j\u0119zyka polskiego,<\/mark><\/li>\n\n\n\n<li><mark style=\"background-color:rgba(0, 0, 0, 0)\" class=\"has-inline-color has-black-color\">zaj\u0119cia dydaktyczno-wyr\u00f3wnawcze z matematyki,<\/mark><\/li>\n\n\n\n<li><mark style=\"background-color:rgba(0, 0, 0, 0)\" class=\"has-inline-color has-black-color\">zaj\u0119cia indywidualne z zakresu doradztwa edukacyjno-zawodowego,<\/mark><\/li>\n\n\n\n<li><mark style=\"background-color:rgba(0, 0, 0, 0)\" class=\"has-inline-color has-black-color\">kurs prawa jazdy kat. B,<\/mark><\/li>\n\n\n\n<li><mark style=\"background-color:rgba(0, 0, 0, 0)\" class=\"has-inline-color has-black-color\">kurs stylizacji paznokci,<\/mark><\/li>\n\n\n\n<li><mark style=\"background-color:rgba(0, 0, 0, 0)\" class=\"has-inline-color has-black-color\">warsztaty baristyczne,<\/mark><\/li>\n\n\n\n<li><mark style=\"background-color:rgba(0, 0, 0, 0)\" class=\"has-inline-color has-black-color\">kurs spawania met. TIG,<\/mark><\/li>\n\n\n\n<li><mark style=\"background-color:rgba(0, 0, 0, 0)\" class=\"has-inline-color has-black-color\">kurs spawania met. MAG\/MIG,<\/mark><\/li>\n\n\n\n<li><mark style=\"background-color:rgba(0, 0, 0, 0)\" class=\"has-inline-color has-black-color\">kurs obs\u0142ugi w\u00f3zk\u00f3w jezdniowych I WJO,<\/mark><\/li>\n\n\n\n<li><mark style=\"background-color:rgba(0, 0, 0, 0)\" class=\"has-inline-color has-black-color\">sta\u017ce uczniowskie.<\/mark><\/li>\n<\/ul>\n\n\n\n<p><mark style=\"background-color:rgba(0, 0, 0, 0)\" class=\"has-inline-color has-black-color\">Wsparcie przewidziane dla uczni\u00f3w szko\u0142y bran\u017cowej:<\/mark><\/p>\n\n\n\n<ul class=\"wp-block-list\">\n<li><mark style=\"background-color:rgba(0, 0, 0, 0)\" class=\"has-inline-color has-black-color\">kurs prawa jazdy kat. B,<\/mark><\/li>\n\n\n\n<li><mark style=\"background-color:rgba(0, 0, 0, 0)\" class=\"has-inline-color has-black-color\">kurs spawania met. TIG,<\/mark><\/li>\n\n\n\n<li><mark style=\"background-color:rgba(0, 0, 0, 0)\" class=\"has-inline-color has-black-color\">kurs obs\u0142ugi w\u00f3zk\u00f3w jezdniowych I WJO.<\/mark><\/li>\n<\/ul>\n\n\n\n<p><mark style=\"background-color:rgba(0, 0, 0, 0)\" class=\"has-inline-color has-black-color\">Wsparcie przewidziane dla nauczycieli:<\/mark><\/p>\n\n\n\n<ul class=\"wp-block-list\">\n<li><mark style=\"background-color:rgba(0, 0, 0, 0)\" class=\"has-inline-color has-black-color\">szkolenie profilaktyczne \u201eUzale\u017cnienia dzieci i m\u0142odzie\u017cy \u2013 charakterystyka nowych zjawisk\u201d.<\/mark><\/li>\n<\/ul>\n\n\n\n<p><mark style=\"background-color:rgba(0, 0, 0, 0)\" class=\"has-inline-color has-black-color\">Wsparcie przewidziane dla szk\u00f3\u0142:<\/mark><\/p>\n\n\n\n<ul class=\"wp-block-list\">\n<li><mark style=\"background-color:rgba(0, 0, 0, 0)\" class=\"has-inline-color has-black-color\">doposa\u017cenie pracowni mechaniki i mechatroniki &#8211; Technikum ZSP \u015awiecie:<\/mark>\n<ul class=\"wp-block-list\">\n<li><mark style=\"background-color:rgba(0, 0, 0, 0)\" class=\"has-inline-color has-black-color\">edukacyjny zestaw sze\u015bciu sterownik\u00f3w wraz z programem i akcesoriami \u2013 1 zestaw,<\/mark><\/li>\n\n\n\n<li><mark style=\"background-color:rgba(0, 0, 0, 0)\" class=\"has-inline-color has-black-color\">zestaw dydaktyczny sterownik\u00f3w PLC \u2013 1 zestaw,<\/mark><\/li>\n\n\n\n<li><mark style=\"background-color:rgba(0, 0, 0, 0)\" class=\"has-inline-color has-black-color\">zestaw modu\u0142owy do nauki elektrotechniki i elektroniki \u2013 1 zestaw,<\/mark><\/li>\n\n\n\n<li><mark style=\"background-color:rgba(0, 0, 0, 0)\" class=\"has-inline-color has-black-color\">przeka\u017anik czasowy \u2013 10 sztuk;<\/mark><\/li>\n<\/ul>\n<\/li>\n\n\n\n<li><mark style=\"background-color:rgba(0, 0, 0, 0)\" class=\"has-inline-color has-black-color\">doposa\u017cenie pracowni mechanicznej &#8211; Bran\u017cowa Szko\u0142a I Stopnia ZSP \u015awiecie:<\/mark>\n<ul class=\"wp-block-list\">\n<li><mark style=\"background-color:rgba(0, 0, 0, 0)\" class=\"has-inline-color has-black-color\">tester baterii akumulatora \u2013 1 sztuka,<\/mark><\/li>\n\n\n\n<li><mark style=\"background-color:rgba(0, 0, 0, 0)\" class=\"has-inline-color has-black-color\">kamera termowizyjna \u2013 1 sztuka,<\/mark><\/li>\n\n\n\n<li><mark style=\"background-color:rgba(0, 0, 0, 0)\" class=\"has-inline-color has-black-color\">tester p\u0142ynu hamulcowego z drukark\u0105 \u2013 2 sztuki,<\/mark><\/li>\n\n\n\n<li><mark style=\"background-color:rgba(0, 0, 0, 0)\" class=\"has-inline-color has-black-color\">w\u00f3zek narz\u0119dziowy z kompletem wyposa\u017cenia \u2013 2 zestawy,<\/mark><\/li>\n\n\n\n<li><mark style=\"background-color:rgba(0, 0, 0, 0)\" class=\"has-inline-color has-black-color\">prostownik z funkcj\u0105 rozruchu \u2013 1 sztuka,<\/mark><\/li>\n\n\n\n<li><mark style=\"background-color:rgba(0, 0, 0, 0)\" class=\"has-inline-color has-black-color\">ultrad\u017awi\u0119kowy miernik grubo\u015bci pow\u0142oki materia\u0142u \u2013 2 sztuki,<\/mark><\/li>\n\n\n\n<li><mark style=\"background-color:rgba(0, 0, 0, 0)\" class=\"has-inline-color has-black-color\">tester p\u0142ynu ch\u0142odniczego \u2013 2 sztuki,<\/mark><\/li>\n\n\n\n<li><mark style=\"background-color:rgba(0, 0, 0, 0)\" class=\"has-inline-color has-black-color\">pirometr\/termometr \u2013 2 sztuki,<\/mark><\/li>\n\n\n\n<li><mark style=\"background-color:rgba(0, 0, 0, 0)\" class=\"has-inline-color has-black-color\">komputer diagnostyczny \u2013 1 sztuka,<\/mark><\/li>\n\n\n\n<li><mark style=\"background-color:rgba(0, 0, 0, 0)\" class=\"has-inline-color has-black-color\">tester diagnostyczny \u2013 2 sztuki,<\/mark><\/li>\n\n\n\n<li><mark style=\"background-color:rgba(0, 0, 0, 0)\" class=\"has-inline-color has-black-color\">podno\u015bnik pneumatyczny \u2013 1 sztuka;<\/mark><\/li>\n<\/ul>\n<\/li>\n<\/ul>\n\n\n\n<p><mark style=\"background-color:rgba(0, 0, 0, 0)\" class=\"has-inline-color has-black-color\">Rekrutacja b\u0119dzie prowadzona 3 razy w okresie realizacji projektu tj. luty 2025 r., kwiecie\u0144 2025 r. oraz wrzesie\u0144 2025 r.<\/mark><\/p>\n\n\n\n<p><mark style=\"background-color:rgba(0, 0, 0, 0)\" class=\"has-inline-color has-black-color\">Rezultaty, kt\u00f3re m.in. zostan\u0105 osi\u0105gni\u0119te po zako\u0144czeniu projektu:<\/mark><\/p>\n\n\n\n<ul class=\"wp-block-list\">\n<li><mark style=\"background-color:rgba(0, 0, 0, 0)\" class=\"has-inline-color has-black-color\">216 uczni\u00f3w nab\u0119dzie nowe kwalifikacje,<\/mark><\/li>\n\n\n\n<li><mark style=\"background-color:rgba(0, 0, 0, 0)\" class=\"has-inline-color has-black-color\">77 uczni\u00f3w we\u017amie udzia\u0142 w sta\u017cach uczniowskich,<\/mark><\/li>\n\n\n\n<li><mark style=\"background-color:rgba(0, 0, 0, 0)\" class=\"has-inline-color has-black-color\">46 przedstawicieli kadry uzyska nowe kwalifikacje,<\/mark><\/li>\n\n\n\n<li><mark style=\"background-color:rgba(0, 0, 0, 0)\" class=\"has-inline-color has-black-color\">60 uczni\u00f3w we\u017amie udzia\u0142 w doradztwie edukacyjno \u2013 zawodowym,<\/mark><\/li>\n\n\n\n<li><mark style=\"background-color:rgba(0, 0, 0, 0)\" class=\"has-inline-color has-black-color\">5 pracowni szkolnych zostanie doposa\u017conych.<\/mark><\/li>\n<\/ul>\n\n\n\n<p><mark style=\"background-color:rgba(0, 0, 0, 0)\" class=\"has-inline-color has-black-color\">Projekt realizowany b\u0119dzie od 01.01.2025 r. do 31.12.2025 r.<\/mark><\/p>\n\n\n\n<p><mark style=\"background-color:rgba(0, 0, 0, 0)\" class=\"has-inline-color has-black-color\">Formularz zg\u0142oszeniowy wraz z za\u0142\u0105cznikami dost\u0119pny u Koordynatora Szkolnego,<br>w sekretariacie szko\u0142y oraz na stronach internetowych.<\/mark><\/p>\n\n\n\n<p><mark style=\"background-color:rgba(0, 0, 0, 0)\" class=\"has-inline-color has-black-color\">Dodatkowe informacje dost\u0119pne u Koordynatora Szkolnego lub w Biurze Funduszy Unijnych w Powiatowym Zespole Ekonomiczno-Administracyjnym w \u015awieciu przy ul. Gen. J. Hallera 9, 86-100 \u015awiecie oraz pod numerem telefonu 52 56 83&nbsp;218.<\/mark><\/p>\n\n\n\n<p><mark style=\"background-color:rgba(0, 0, 0, 0)\" class=\"has-inline-color has-black-color\">Projekt jest dofinansowany z Europejskiego Funduszu Spo\u0142ecznego Plus w ramach programu Fundusze Europejskie dla Kujaw i Pomorza 2021- 2027, Priorytet 8 Fundusze Europejskie na wsparcie w obszarze rynku pracy, edukacji i w\u0142\u0105czenia spo\u0142ecznego, Dzia\u0142anie 08.28 Kszta\u0142cenie zawodowe OPPT.<\/mark><\/p>\n\n\n\n<p><strong><mark style=\"background-color:rgba(0, 0, 0, 0)\" class=\"has-inline-color has-black-color\">Dofinansowanie ze \u015brodk\u00f3w UE: 1&nbsp;058&nbsp;600,21 z\u0142<\/mark><\/strong><\/p>\n\n\n\n<p><strong><mark style=\"background-color:rgba(0, 0, 0, 0)\" class=\"has-inline-color has-black-color\">Ca\u0142kowita warto\u015b\u0107 projektu: 1&nbsp;176&nbsp;222,47 z\u0142<\/mark><\/strong><\/p>\n\n\n\n<p><mark style=\"background-color:rgba(0, 0, 0, 0)\" class=\"has-inline-color has-black-color\">#FunduszeEuropejskie<\/mark><\/p>\n\n\n\n<figure class=\"wp-block-image size-large is-resized\"><img loading=\"lazy\" decoding=\"async\" width=\"1200\" height=\"849\" src=\"https:\/\/www.zspswiecie.pl\/wp-content\/uploads\/2025\/02\/FE-plakat-A3-programy-regionalne-KP_page-0001-1200x849.jpg\" alt=\"\" class=\"wp-image-14518\" style=\"width:671px;height:auto\" srcset=\"https:\/\/www.zspswiecie.pl\/wp-content\/uploads\/2025\/02\/FE-plakat-A3-programy-regionalne-KP_page-0001-1200x849.jpg 1200w, https:\/\/www.zspswiecie.pl\/wp-content\/uploads\/2025\/02\/FE-plakat-A3-programy-regionalne-KP_page-0001-300x212.jpg 300w, https:\/\/www.zspswiecie.pl\/wp-content\/uploads\/2025\/02\/FE-plakat-A3-programy-regionalne-KP_page-0001-768x543.jpg 768w, https:\/\/www.zspswiecie.pl\/wp-content\/uploads\/2025\/02\/FE-plakat-A3-programy-regionalne-KP_page-0001-1536x1086.jpg 1536w, https:\/\/www.zspswiecie.pl\/wp-content\/uploads\/2025\/02\/FE-plakat-A3-programy-regionalne-KP_page-0001-2048x1448.jpg 2048w\" sizes=\"auto, (max-width: 1200px) 100vw, 1200px\" \/><\/figure>\n\n\n\n<p><mark style=\"background-color:rgba(0, 0, 0, 0)\" class=\"has-inline-color has-black-color\">W Technikum i Bran\u017cowej Szkole I Stopnia w Zespole Szk\u00f3\u0142 Ponadpodstawowych<br>w \u015awieciu realizowany jest projekt \u201eKszta\u0142cenie dla zawodowej przysz\u0142o\u015bci\u201d.<\/mark><\/p>\n\n\n\n<p><mark style=\"background-color:rgba(0, 0, 0, 0)\" class=\"has-inline-color has-black-color\">W dniach od 5.02.2025 r. do 24.02.2025 r. rozpocznie si\u0119 rekrutacja na nast\u0119puj\u0105ce zaj\u0119cia:<\/mark><\/p>\n\n\n\n<p><mark style=\"background-color:rgba(0, 0, 0, 0)\" class=\"has-inline-color has-black-color\">Dla uczni\u00f3w\/uczennic Technikum:<\/mark><\/p>\n\n\n\n<ul class=\"wp-block-list\">\n<li><mark style=\"background-color:rgba(0, 0, 0, 0)\" class=\"has-inline-color has-black-color\">zaj\u0119cia z zakresu programowania obrabiarek sterowanych numerycznie CNC<\/mark><\/li>\n\n\n\n<li><mark style=\"background-color:rgba(0, 0, 0, 0)\" class=\"has-inline-color has-black-color\">zindywidualizowane zaj\u0119cia z j\u0119zyka polskiego dla uczni\u00f3w ze specyficznymi trudno\u015bciami w nauce<\/mark><\/li>\n\n\n\n<li><mark style=\"background-color:rgba(0, 0, 0, 0)\" class=\"has-inline-color has-black-color\">zaj\u0119cia dydaktyczno-wyr\u00f3wnawcze z j\u0119zyka angielskiego<\/mark><\/li>\n\n\n\n<li><mark style=\"background-color:rgba(0, 0, 0, 0)\" class=\"has-inline-color has-black-color\">zaj\u0119cia dydaktyczno-wyr\u00f3wnawcze przygotowuj\u0105ce do egzaminu maturalnego z j\u0119zyka polskiego (dwie grupy)<\/mark><\/li>\n\n\n\n<li><mark style=\"background-color:rgba(0, 0, 0, 0)\" class=\"has-inline-color has-black-color\">zaj\u0119cia dydaktyczno-wyr\u00f3wnawcze z matematyki (dwie grupy)<\/mark><\/li>\n\n\n\n<li><mark style=\"background-color:rgba(0, 0, 0, 0)\" class=\"has-inline-color has-black-color\">zaj\u0119cia indywidualne z zakresu doradztwa edukacyjno-zawodowego<\/mark><\/li>\n\n\n\n<li><mark style=\"background-color:rgba(0, 0, 0, 0)\" class=\"has-inline-color has-black-color\">kurs prawa jazdy kat. B<\/mark><\/li>\n\n\n\n<li><mark style=\"background-color:rgba(0, 0, 0, 0)\" class=\"has-inline-color has-black-color\">kurs stylizacji paznokci<\/mark><\/li>\n\n\n\n<li><mark style=\"background-color:rgba(0, 0, 0, 0)\" class=\"has-inline-color has-black-color\">warsztaty baristyczne<\/mark><\/li>\n\n\n\n<li><mark style=\"background-color:rgba(0, 0, 0, 0)\" class=\"has-inline-color has-black-color\">kurs spawania met. TIG<\/mark><\/li>\n\n\n\n<li><mark style=\"background-color:rgba(0, 0, 0, 0)\" class=\"has-inline-color has-black-color\">kurs spawania met. MAG\/MIG<\/mark><\/li>\n\n\n\n<li><mark style=\"background-color:rgba(0, 0, 0, 0)\" class=\"has-inline-color has-black-color\">kurs obs\u0142ugi w\u00f3zk\u00f3w jezdniowych I WJO<\/mark><\/li>\n<\/ul>\n\n\n\n<p><mark style=\"background-color:rgba(0, 0, 0, 0)\" class=\"has-inline-color has-black-color\">Dla uczni\u00f3w\/uczennic Bran\u017cowej Szko\u0142y I Stopnia:<\/mark><\/p>\n\n\n\n<ul class=\"wp-block-list\">\n<li><mark style=\"background-color:rgba(0, 0, 0, 0)\" class=\"has-inline-color has-black-color\">kurs prawa jazdy kat. B<\/mark><\/li>\n\n\n\n<li><mark style=\"background-color:rgba(0, 0, 0, 0)\" class=\"has-inline-color has-black-color\">kurs spawania met. TIG<\/mark><\/li>\n\n\n\n<li><mark style=\"background-color:rgba(0, 0, 0, 0)\" class=\"has-inline-color has-black-color\">kurs obs\u0142ugi w\u00f3zk\u00f3w jezdniowych I WJO<\/mark><\/li>\n<\/ul>\n\n\n\n<p><mark style=\"background-color:rgba(0, 0, 0, 0)\" class=\"has-inline-color has-black-color\">Dla przedstawicieli kadry dydaktycznej:<\/mark><br><mark style=\"background-color:rgba(0, 0, 0, 0)\" class=\"has-inline-color has-black-color\">&#8211; Szkolenie doskonal\u0105ce<\/mark><\/p>\n\n\n\n<p><mark style=\"background-color:rgba(0, 0, 0, 0)\" class=\"has-inline-color has-black-color\">W ramach projektu zostan\u0105 tak\u017ce wyposa\u017cone pracownie mechaniki i mechatroniki w Technikum oraz pracownia mechaniczna w Bran\u017cowej Szkole I Stopnia.<\/mark><br><\/p>\n\n\n\n<p><mark style=\"background-color:rgba(0, 0, 0, 0)\" class=\"has-inline-color has-black-color\">Rekrutacja na sta\u017ce uczniowskie dla uczni\u00f3w Technikum rozpocznie si\u0119 w miesi\u0105cu kwietniu.<\/mark><\/p>\n\n\n\n<p><mark style=\"background-color:rgba(0, 0, 0, 0)\" class=\"has-inline-color has-black-color\">Dokumenty rekrutacyjne wraz za\u0142\u0105cznikami dost\u0119pne w sekretariacie szko\u0142y, u koordynatora projektu Pani Katarzyny Krzy\u017canowskiej (w bibliotece szkolnej). Na wszelkie pytania dotycz\u0105ce zaj\u0119\u0107, kurs\u00f3w, ilo\u015bci godzin oraz harmonogramu ich realizacji informacji udziela koordynatora projektu.&nbsp;<\/mark><\/p>\n\n\n\n<p><mark style=\"background-color:rgba(0, 0, 0, 0)\" class=\"has-inline-color has-black-color\">Za\u0142\u0105czniki;<\/mark><\/p>\n\n\n\n<p><a href=\"https:\/\/www.zspswiecie.pl\/wp-content\/uploads\/2025\/02\/Formy_wsparcia.pdf\">Formy wsparcia<\/a><\/p>\n\n\n\n<p><a href=\"https:\/\/www.zspswiecie.pl\/wp-content\/uploads\/2025\/02\/Regulamin_ksztalcenie_projekt.pdf\">regulamin<\/a><\/p>\n\n\n\n<p><mark style=\"background-color:rgba(0, 0, 0, 0)\" class=\"has-inline-color has-black-color\"><a href=\"https:\/\/www.zspswiecie.pl\/wp-content\/uploads\/2025\/02\/Zalacznik-nr-2-Formularz-T-i-BSIS-ZSP-S.pdf\">formularz<\/a><\/mark> pdf<\/p>\n\n\n\n<p><a href=\"https:\/\/www.zspswiecie.pl\/wp-content\/uploads\/2025\/02\/Zalacznik-nr-3-zaswiadczenie-o-statusie-ucznia.pdf\">za\u015bwiadczenie o statusie ucznia<\/a> pdf<\/p>\n\n\n\n<p><a href=\"https:\/\/www.zspswiecie.pl\/wp-content\/uploads\/2025\/02\/Zalacznik-nr-2-Formularz-T-i-BSIS-ZSP-S.docx\">formularz<\/a>  doc.<\/p>\n\n\n\n<p><a href=\"https:\/\/www.zspswiecie.pl\/wp-content\/uploads\/2025\/02\/Zalacznik-nr-3-zaswiadczenie-o-statusie-ucznia.pdf\">za\u015bwiadczenie o statusie ucznia<\/a> doc.<\/p>\n\n\n\n<p><mark style=\"background-color:rgba(0, 0, 0, 0)\" class=\"has-inline-color has-black-color\">WYPE\u0141NIONE DOKUMENTY (formularz, za\u015bwiadczenie o statusie ucznia, orzeczenie o niepe\u0142nosprawno\u015bci-je\u015bli dotyczy) sk\u0142adamy do p. Katarzyny Krzy\u017canowskiej.<\/mark><\/p>\n\n\n\n<p><mark style=\"background-color:rgba(0, 0, 0, 0)\" class=\"has-inline-color has-black-color\"><strong>PROSIMY O ZAPOZNANIE SI\u0118 Z REGULAMINEM<\/strong><\/mark><\/p>\n\n\n\n<p><\/p>\n\n\n\n<p><mark style=\"background-color:rgba(0, 0, 0, 0)\" class=\"has-inline-color has-black-color\">W dniach od 1.04.2025 r. do 07.04.2025 r. rozpocznie si\u0119 rekrutacja dla uczni\u00f3w\/uczennic Technikum ( klasy 1-4) na sta\u017c zawodowy. Realizacja sta\u017cy w okresie lipiec\/ sierpie\u0144 2025r.<\/mark><\/p>\n\n\n\n<p><mark style=\"background-color:rgba(0, 0, 0, 0)\" class=\"has-inline-color has-black-color\">Dokumenty rekrutacyjne wraz za\u0142\u0105cznikami dost\u0119pne w sekretariacie szko\u0142y, u koordynatora projektu Pani Katarzyny Krzy\u017canowskiej (w bibliotece szkolnej). Na wszelkie pytania dotycz\u0105ce realizacji sta\u017cy informacji udziela koordynator projektu.<\/mark><\/p>\n\n\n\n<p><mark style=\"background-color:rgba(0, 0, 0, 0)\" class=\"has-inline-color has-black-color\">WYPE\u0141NIONE DOKUMENTY (formularz, za\u015bwiadczenie o statusie ucznia) sk\u0142adamy do p.Katarzyny Krzy\u017canowskiej.<\/mark><\/p>\n\n\n\n<p><\/p>\n","protected":false},"excerpt":{"rendered":"<p>W Technikum i Bran\u017cowej Szkole I Stopnia Zespo\u0142u Szk\u00f3\u0142 Ponadpodstawowych w \u015awieciu realizowany jest projekt \u201eKszta\u0142cenie dla zawodowej przysz\u0142o\u015bci\u201d, kt\u00f3rego celem jest zwi\u0119kszenie szans&#8230; &nbsp; <a href=\"https:\/\/www.zspswiecie.pl\/index.php\/ksztalcenie-dla-zawodowej-przyszlosci\/\" class=\"moretag\">Wi\u0119cej&#8230;<\/a><\/p>\n","protected":false},"author":2,"featured_media":0,"parent":0,"menu_order":0,"comment_status":"closed","ping_status":"closed","template":"page-fullwidth.php","meta":{"footnotes":""},"class_list":["post-14526","page","type-page","status-publish","hentry"],"yoast_head":"<!-- This site is optimized with the Yoast SEO plugin v26.8 - https:\/\/yoast.com\/product\/yoast-seo-wordpress\/ -->\n<title>Kszta\u0142cenie dla zawodowej przysz\u0142o\u015bci - ZSP<\/title>\n<meta name=\"robots\" content=\"index, follow, max-snippet:-1, max-image-preview:large, max-video-preview:-1\" \/>\n<link rel=\"canonical\" href=\"https:\/\/www.zspswiecie.pl\/index.php\/ksztalcenie-dla-zawodowej-przyszlosci\/\" \/>\n<meta property=\"og:locale\" content=\"pl_PL\" \/>\n<meta property=\"og:type\" content=\"article\" \/>\n<meta property=\"og:title\" content=\"Kszta\u0142cenie dla zawodowej przysz\u0142o\u015bci - ZSP\" \/>\n<meta property=\"og:description\" content=\"W Technikum i Bran\u017cowej Szkole I Stopnia Zespo\u0142u Szk\u00f3\u0142 Ponadpodstawowych w \u015awieciu realizowany jest projekt \u201eKszta\u0142cenie dla zawodowej przysz\u0142o\u015bci\u201d, kt\u00f3rego celem jest zwi\u0119kszenie szans... &nbsp; Wi\u0119cej...\" \/>\n<meta property=\"og:url\" content=\"https:\/\/www.zspswiecie.pl\/index.php\/ksztalcenie-dla-zawodowej-przyszlosci\/\" \/>\n<meta property=\"og:site_name\" content=\"ZSP\" \/>\n<meta property=\"article:publisher\" content=\"https:\/\/www.facebook.com\/people\/Zesp-Szk-Ponadpodstawowych-w-wieciu\/100057638830230\/\" \/>\n<meta property=\"article:modified_time\" content=\"2025-03-24T20:54:50+00:00\" \/>\n<meta property=\"og:image\" content=\"https:\/\/www.zspswiecie.pl\/wp-content\/uploads\/2025\/02\/logotypy-kolor-scaled.jpg\" \/>\n\t<meta property=\"og:image:width\" content=\"2560\" \/>\n\t<meta property=\"og:image:height\" content=\"243\" \/>\n\t<meta property=\"og:image:type\" content=\"image\/jpeg\" \/>\n<meta name=\"twitter:label1\" content=\"Szacowany czas czytania\" \/>\n\t<meta name=\"twitter:data1\" content=\"6 minut\" \/>\n<script type=\"application\/ld+json\" class=\"yoast-schema-graph\">{\"@context\":\"https:\/\/schema.org\",\"@graph\":[{\"@type\":\"WebPage\",\"@id\":\"https:\/\/www.zspswiecie.pl\/index.php\/ksztalcenie-dla-zawodowej-przyszlosci\/\",\"url\":\"https:\/\/www.zspswiecie.pl\/index.php\/ksztalcenie-dla-zawodowej-przyszlosci\/\",\"name\":\"Kszta\u0142cenie dla zawodowej przysz\u0142o\u015bci - ZSP\",\"isPartOf\":{\"@id\":\"https:\/\/www.zspswiecie.pl\/#website\"},\"primaryImageOfPage\":{\"@id\":\"https:\/\/www.zspswiecie.pl\/index.php\/ksztalcenie-dla-zawodowej-przyszlosci\/#primaryimage\"},\"image\":{\"@id\":\"https:\/\/www.zspswiecie.pl\/index.php\/ksztalcenie-dla-zawodowej-przyszlosci\/#primaryimage\"},\"thumbnailUrl\":\"https:\/\/www.zspswiecie.pl\/wp-content\/uploads\/2025\/02\/logotypy-kolor-1200x114.jpg\",\"datePublished\":\"2025-02-03T14:15:56+00:00\",\"dateModified\":\"2025-03-24T20:54:50+00:00\",\"breadcrumb\":{\"@id\":\"https:\/\/www.zspswiecie.pl\/index.php\/ksztalcenie-dla-zawodowej-przyszlosci\/#breadcrumb\"},\"inLanguage\":\"pl-PL\",\"potentialAction\":[{\"@type\":\"ReadAction\",\"target\":[\"https:\/\/www.zspswiecie.pl\/index.php\/ksztalcenie-dla-zawodowej-przyszlosci\/\"]}]},{\"@type\":\"ImageObject\",\"inLanguage\":\"pl-PL\",\"@id\":\"https:\/\/www.zspswiecie.pl\/index.php\/ksztalcenie-dla-zawodowej-przyszlosci\/#primaryimage\",\"url\":\"https:\/\/www.zspswiecie.pl\/wp-content\/uploads\/2025\/02\/logotypy-kolor-scaled.jpg\",\"contentUrl\":\"https:\/\/www.zspswiecie.pl\/wp-content\/uploads\/2025\/02\/logotypy-kolor-scaled.jpg\",\"width\":2560,\"height\":243},{\"@type\":\"BreadcrumbList\",\"@id\":\"https:\/\/www.zspswiecie.pl\/index.php\/ksztalcenie-dla-zawodowej-przyszlosci\/#breadcrumb\",\"itemListElement\":[{\"@type\":\"ListItem\",\"position\":1,\"name\":\"Strona g\u0142\u00f3wna\",\"item\":\"https:\/\/www.zspswiecie.pl\/index.php\/home\/strona-glowna\/\"},{\"@type\":\"ListItem\",\"position\":2,\"name\":\"Kszta\u0142cenie dla zawodowej przysz\u0142o\u015bci\"}]},{\"@type\":\"WebSite\",\"@id\":\"https:\/\/www.zspswiecie.pl\/#website\",\"url\":\"https:\/\/www.zspswiecie.pl\/\",\"name\":\"ZSP\",\"description\":\"Zesp\u00f3\u0142 Szk\u00f3\u0142 Ponadpodstawowych\",\"publisher\":{\"@id\":\"https:\/\/www.zspswiecie.pl\/#organization\"},\"potentialAction\":[{\"@type\":\"SearchAction\",\"target\":{\"@type\":\"EntryPoint\",\"urlTemplate\":\"https:\/\/www.zspswiecie.pl\/?s={search_term_string}\"},\"query-input\":{\"@type\":\"PropertyValueSpecification\",\"valueRequired\":true,\"valueName\":\"search_term_string\"}}],\"inLanguage\":\"pl-PL\"},{\"@type\":\"Organization\",\"@id\":\"https:\/\/www.zspswiecie.pl\/#organization\",\"name\":\"Zesp\u00f3\u0142 Szk\u00f3\u0142 Ponadpodstawowych\",\"url\":\"https:\/\/www.zspswiecie.pl\/\",\"logo\":{\"@type\":\"ImageObject\",\"inLanguage\":\"pl-PL\",\"@id\":\"https:\/\/www.zspswiecie.pl\/#\/schema\/logo\/image\/\",\"url\":\"http:\/\/www.zspswiecie.pl\/wp-content\/uploads\/2016\/03\/logo-zsp2.png\",\"contentUrl\":\"http:\/\/www.zspswiecie.pl\/wp-content\/uploads\/2016\/03\/logo-zsp2.png\",\"width\":449,\"height\":351,\"caption\":\"Zesp\u00f3\u0142 Szk\u00f3\u0142 Ponadpodstawowych\"},\"image\":{\"@id\":\"https:\/\/www.zspswiecie.pl\/#\/schema\/logo\/image\/\"},\"sameAs\":[\"https:\/\/www.facebook.com\/people\/Zesp-Szk-Ponadpodstawowych-w-wieciu\/100057638830230\/\"]}]}<\/script>\n<!-- \/ Yoast SEO plugin. -->","yoast_head_json":{"title":"Kszta\u0142cenie dla zawodowej przysz\u0142o\u015bci - ZSP","robots":{"index":"index","follow":"follow","max-snippet":"max-snippet:-1","max-image-preview":"max-image-preview:large","max-video-preview":"max-video-preview:-1"},"canonical":"https:\/\/www.zspswiecie.pl\/index.php\/ksztalcenie-dla-zawodowej-przyszlosci\/","og_locale":"pl_PL","og_type":"article","og_title":"Kszta\u0142cenie dla zawodowej przysz\u0142o\u015bci - ZSP","og_description":"W Technikum i Bran\u017cowej Szkole I Stopnia Zespo\u0142u Szk\u00f3\u0142 Ponadpodstawowych w \u015awieciu realizowany jest projekt \u201eKszta\u0142cenie dla zawodowej przysz\u0142o\u015bci\u201d, kt\u00f3rego celem jest zwi\u0119kszenie szans... &nbsp; Wi\u0119cej...","og_url":"https:\/\/www.zspswiecie.pl\/index.php\/ksztalcenie-dla-zawodowej-przyszlosci\/","og_site_name":"ZSP","article_publisher":"https:\/\/www.facebook.com\/people\/Zesp-Szk-Ponadpodstawowych-w-wieciu\/100057638830230\/","article_modified_time":"2025-03-24T20:54:50+00:00","og_image":[{"width":2560,"height":243,"url":"https:\/\/www.zspswiecie.pl\/wp-content\/uploads\/2025\/02\/logotypy-kolor-scaled.jpg","type":"image\/jpeg"}],"twitter_misc":{"Szacowany czas czytania":"6 minut"},"schema":{"@context":"https:\/\/schema.org","@graph":[{"@type":"WebPage","@id":"https:\/\/www.zspswiecie.pl\/index.php\/ksztalcenie-dla-zawodowej-przyszlosci\/","url":"https:\/\/www.zspswiecie.pl\/index.php\/ksztalcenie-dla-zawodowej-przyszlosci\/","name":"Kszta\u0142cenie dla zawodowej przysz\u0142o\u015bci - ZSP","isPartOf":{"@id":"https:\/\/www.zspswiecie.pl\/#website"},"primaryImageOfPage":{"@id":"https:\/\/www.zspswiecie.pl\/index.php\/ksztalcenie-dla-zawodowej-przyszlosci\/#primaryimage"},"image":{"@id":"https:\/\/www.zspswiecie.pl\/index.php\/ksztalcenie-dla-zawodowej-przyszlosci\/#primaryimage"},"thumbnailUrl":"https:\/\/www.zspswiecie.pl\/wp-content\/uploads\/2025\/02\/logotypy-kolor-1200x114.jpg","datePublished":"2025-02-03T14:15:56+00:00","dateModified":"2025-03-24T20:54:50+00:00","breadcrumb":{"@id":"https:\/\/www.zspswiecie.pl\/index.php\/ksztalcenie-dla-zawodowej-przyszlosci\/#breadcrumb"},"inLanguage":"pl-PL","potentialAction":[{"@type":"ReadAction","target":["https:\/\/www.zspswiecie.pl\/index.php\/ksztalcenie-dla-zawodowej-przyszlosci\/"]}]},{"@type":"ImageObject","inLanguage":"pl-PL","@id":"https:\/\/www.zspswiecie.pl\/index.php\/ksztalcenie-dla-zawodowej-przyszlosci\/#primaryimage","url":"https:\/\/www.zspswiecie.pl\/wp-content\/uploads\/2025\/02\/logotypy-kolor-scaled.jpg","contentUrl":"https:\/\/www.zspswiecie.pl\/wp-content\/uploads\/2025\/02\/logotypy-kolor-scaled.jpg","width":2560,"height":243},{"@type":"BreadcrumbList","@id":"https:\/\/www.zspswiecie.pl\/index.php\/ksztalcenie-dla-zawodowej-przyszlosci\/#breadcrumb","itemListElement":[{"@type":"ListItem","position":1,"name":"Strona g\u0142\u00f3wna","item":"https:\/\/www.zspswiecie.pl\/index.php\/home\/strona-glowna\/"},{"@type":"ListItem","position":2,"name":"Kszta\u0142cenie dla zawodowej przysz\u0142o\u015bci"}]},{"@type":"WebSite","@id":"https:\/\/www.zspswiecie.pl\/#website","url":"https:\/\/www.zspswiecie.pl\/","name":"ZSP","description":"Zesp\u00f3\u0142 Szk\u00f3\u0142 Ponadpodstawowych","publisher":{"@id":"https:\/\/www.zspswiecie.pl\/#organization"},"potentialAction":[{"@type":"SearchAction","target":{"@type":"EntryPoint","urlTemplate":"https:\/\/www.zspswiecie.pl\/?s={search_term_string}"},"query-input":{"@type":"PropertyValueSpecification","valueRequired":true,"valueName":"search_term_string"}}],"inLanguage":"pl-PL"},{"@type":"Organization","@id":"https:\/\/www.zspswiecie.pl\/#organization","name":"Zesp\u00f3\u0142 Szk\u00f3\u0142 Ponadpodstawowych","url":"https:\/\/www.zspswiecie.pl\/","logo":{"@type":"ImageObject","inLanguage":"pl-PL","@id":"https:\/\/www.zspswiecie.pl\/#\/schema\/logo\/image\/","url":"http:\/\/www.zspswiecie.pl\/wp-content\/uploads\/2016\/03\/logo-zsp2.png","contentUrl":"http:\/\/www.zspswiecie.pl\/wp-content\/uploads\/2016\/03\/logo-zsp2.png","width":449,"height":351,"caption":"Zesp\u00f3\u0142 Szk\u00f3\u0142 Ponadpodstawowych"},"image":{"@id":"https:\/\/www.zspswiecie.pl\/#\/schema\/logo\/image\/"},"sameAs":["https:\/\/www.facebook.com\/people\/Zesp-Szk-Ponadpodstawowych-w-wieciu\/100057638830230\/"]}]}},"_links":{"self":[{"href":"https:\/\/www.zspswiecie.pl\/index.php\/wp-json\/wp\/v2\/pages\/14526","targetHints":{"allow":["GET"]}}],"collection":[{"href":"https:\/\/www.zspswiecie.pl\/index.php\/wp-json\/wp\/v2\/pages"}],"about":[{"href":"https:\/\/www.zspswiecie.pl\/index.php\/wp-json\/wp\/v2\/types\/page"}],"author":[{"embeddable":true,"href":"https:\/\/www.zspswiecie.pl\/index.php\/wp-json\/wp\/v2\/users\/2"}],"replies":[{"embeddable":true,"href":"https:\/\/www.zspswiecie.pl\/index.php\/wp-json\/wp\/v2\/comments?post=14526"}],"version-history":[{"count":8,"href":"https:\/\/www.zspswiecie.pl\/index.php\/wp-json\/wp\/v2\/pages\/14526\/revisions"}],"predecessor-version":[{"id":14724,"href":"https:\/\/www.zspswiecie.pl\/index.php\/wp-json\/wp\/v2\/pages\/14526\/revisions\/14724"}],"wp:attachment":[{"href":"https:\/\/www.zspswiecie.pl\/index.php\/wp-json\/wp\/v2\/media?parent=14526"}],"curies":[{"name":"wp","href":"https:\/\/api.w.org\/{rel}","templated":true}]}}